{"id":9875,"date":"2015-11-03T14:55:34","date_gmt":"2015-11-03T14:55:34","guid":{"rendered":"http:\/\/www.foofwa.com\/?page_id=9875"},"modified":"2015-11-03T14:55:53","modified_gmt":"2015-11-03T14:55:53","slug":"caroline-de-corniere","status":"publish","type":"page","link":"https:\/\/www.foofwa.com\/en\/caroline-de-corniere\/","title":{"rendered":"Caroline de Corni\u00e8re"},"content":{"rendered":"<p>N\u00e9e \u00e0 Caen en 1972, Caroline de Corni\u00e8re se forme \u00e0 la danse classique et contemporaine au conservatoire de Caen et de Rennes. En 1994, elle obtient une Licence de Lettres Modernes \u00e0 l\u2019Universit\u00e9 de Rennes II. Dipl\u00f4m\u00e9e du CNDC d\u2019Angers en 1995, elle travaille comme interpr\u00e8te avec Joao Fiadeiro \u00e0 Lisbonne (\u00ab Amor o sexo \u00bb1995), avec la Cie Fabienne Berger Lausanne (\u00ab Demain \u00bb 1996) et avec la Cie Alias \u00e0 Gen\u00e8ve comme danseuse, assistante, costumi\u00e8re et responsable p\u00e9dagogique de 1997 \u00e0 2007.<\/p>\n<p>En 2007, elle cr\u00e9e la structure C2C o\u00f9 elle d\u00e9veloppe ses propres projets : \u00ab Dans de beaux draps \u00bb, installation chor\u00e9graphique en 2007, \u00ab Swingers \u00bb pour la f\u00eate de la musique \u00e0 Gen\u00e8ve en 2009, \u00ab Las dos \u00bb au Festival Bewegrund (Berne 2009 et 2013) , \u00ab Portraits, Giacometti mis en perspective\u00bb, Th\u00e9\u00e2tre des Salons (Gen\u00e8ve 2010), \u00abRituel I et II\u00bb performance \u00e0 la Com\u00e9die (Gen\u00e8ve 2010) et \u00ab Femme de \u00bb au Th\u00e9\u00e2tre Forum Meyrin (2011). Elle developpe des actions de m\u00e9diation avec les a\u00een\u00e9s de Meyrin (\u00ab Hop ! \u00bb mars 2011) et avec les \u00e9coles primaires- les arts et l\u2019enfant DIP et le Mus\u00e9e d\u2019Art et d\u2019Histoire de Gen\u00e8ve (\u00ab Parcours Giacometti \u00bb en 2010 et \u00ab Parcours Vallotton \u00bb en 2011).<\/p>\n<p>Parall\u00e8lement, elle travaille comme p\u00e9dagogue pour la Formation continue EMG en 2008, pour le Parcours artistique interdisciplinaire du Th\u00e9\u00e2tre Forum Meyrin, pour l\u2019 Ecole de danse de Gen\u00e8ve et l\u2019Institut Jacques- Dalcroze en 2010.<\/p>\n<p>Depuis 2011, elle enseigne l\u2019improvisation, la composition et l\u2019histoire de la danse \u00e0 la fili\u00e8re danseur-euse interpr\u00e8te \u00e0 orientation contemporaine \u00e0 l\u2019\u00e9cole professionnelle des arts appliqu\u00e9s (CFP AA) de Gen\u00e8ve et collabore r\u00e9guli\u00e8rement comme interpr\u00e8te assitante avec la cie Fabienne Berger.<\/p>\n","protected":false},"excerpt":{"rendered":"<p>N\u00e9e \u00e0 Caen en 1972, Caroline de Corni\u00e8re se forme \u00e0 la danse classique et contemporaine au conservatoire de Caen et de Rennes<\/p>\n","protected":false},"author":1,"featured_media":0,"parent":0,"menu_order":0,"comment_status":"open","ping_status":"open","template":"","meta":{"_acf_changed":false,"footnotes":""},"class_list":["post-9875","page","type-page","status-publish","hentry"],"acf":[],"_links":{"self":[{"href":"https:\/\/www.foofwa.com\/en\/wp-json\/wp\/v2\/pages\/9875","targetHints":{"allow":["GET"]}}],"collection":[{"href":"https:\/\/www.foofwa.com\/en\/wp-json\/wp\/v2\/pages"}],"about":[{"href":"https:\/\/www.foofwa.com\/en\/wp-json\/wp\/v2\/types\/page"}],"author":[{"embeddable":true,"href":"https:\/\/www.foofwa.com\/en\/wp-json\/wp\/v2\/users\/1"}],"replies":[{"embeddable":true,"href":"https:\/\/www.foofwa.com\/en\/wp-json\/wp\/v2\/comments?post=9875"}],"version-history":[{"count":2,"href":"https:\/\/www.foofwa.com\/en\/wp-json\/wp\/v2\/pages\/9875\/revisions"}],"predecessor-version":[{"id":9878,"href":"https:\/\/www.foofwa.com\/en\/wp-json\/wp\/v2\/pages\/9875\/revisions\/9878"}],"wp:attachment":[{"href":"https:\/\/www.foofwa.com\/en\/wp-json\/wp\/v2\/media?parent=9875"}],"curies":[{"name":"wp","href":"https:\/\/api.w.org\/{rel}","templated":true}]}}